{"id":1592,"date":"2023-11-01T09:05:03","date_gmt":"2023-11-01T09:05:03","guid":{"rendered":"https:\/\/mitliabsoewagmocht.at\/?post_type=product&#038;p=1592"},"modified":"2025-12-26T18:05:33","modified_gmt":"2025-12-26T18:05:33","slug":"kleine-winterapferl","status":"publish","type":"product","link":"https:\/\/mitliabsoewagmocht.at\/?product=kleine-winterapferl","title":{"rendered":"Kleines Winterapferl"},"content":{"rendered":"<p><strong>Nadelgefilztes kleines Winterapferl<\/strong><\/p>\n<p>&#8230; nadelgefilzte kleine Winterapferl mit Gold verziert, aus \u00f6sterreichischer Bioschafwolle.<\/p>\n<p>Gr\u00f6\u00dfe: ca. 4 cm<\/p>\n<p>Preis per St\u00fcck<\/p>\n<p>&#8211; &#8211; &#8211;<\/p>\n<div class=\"woocommerce-tabs wc-tabs-wrapper\">\n<div id=\"tab-description\" class=\"woocommerce-Tabs-panel woocommerce-Tabs-panel--description panel entry-content wc-tab\" role=\"tabpanel\" aria-labelledby=\"tab-title-description\">\n<p><i>*Echte Handarbeit \u2013 daher k\u00f6nnen Farbe, Form und Gr\u00f6\u00dfe leicht variieren. Gr\u00f6\u00dfere St\u00fcckzahlen sind nur auf Bestellung m\u00f6glich. Falls ein Produkt aktuell nicht lagernd ist, geben wir Ihnen bei Nachproduktion rechtzeitig Bescheid bez\u00fcglich des Liefertermins.<\/i><\/p>\n<\/div>\n<\/div>\n<section class=\"related products\"><\/section>\n<p>&nbsp;<\/p>\n","protected":false},"excerpt":{"rendered":"<p><strong>Nadelgefilztes kleines Winterapferl<\/strong><\/p>\n<p>&#8230; nadelgefilzte kleine Winterapferl, aus \u00f6sterreichischer Bioschafwolle.<\/p>\n<p>&nbsp;<\/p>\n<p>&nbsp;<\/p>\n","protected":false},"featured_media":1593,"template":"","meta":[],"product_brand":[],"product_cat":[198],"product_tag":[32,35,38,72,99,100,30],"class_list":{"0":"post-1592","1":"product","2":"type-product","3":"status-publish","4":"has-post-thumbnail","6":"product_cat-weihnachten-und-weihnachtszeit","7":"product_tag-gesaeuse","8":"product_tag-bioschafwolle","9":"product_tag-nadelfilzen","10":"product_tag-dekoration","11":"product_tag-pilze","12":"product_tag-weihnachtswichtel","13":"product_tag-filzkunst","15":"first","16":"onbackorder","17":"purchasable","18":"product-type-simple"},"acf":[],"_links":{"self":[{"href":"https:\/\/mitliabsoewagmocht.at\/index.php?rest_route=\/wp\/v2\/product\/1592","targetHints":{"allow":["GET"]}}],"collection":[{"href":"https:\/\/mitliabsoewagmocht.at\/index.php?rest_route=\/wp\/v2\/product"}],"about":[{"href":"https:\/\/mitliabsoewagmocht.at\/index.php?rest_route=\/wp\/v2\/types\/product"}],"wp:featuredmedia":[{"embeddable":true,"href":"https:\/\/mitliabsoewagmocht.at\/index.php?rest_route=\/wp\/v2\/media\/1593"}],"wp:attachment":[{"href":"https:\/\/mitliabsoewagmocht.at\/index.php?rest_route=%2Fwp%2Fv2%2Fmedia&parent=1592"}],"wp:term":[{"taxonomy":"product_brand","embeddable":true,"href":"https:\/\/mitliabsoewagmocht.at\/index.php?rest_route=%2Fwp%2Fv2%2Fproduct_brand&post=1592"},{"taxonomy":"product_cat","embeddable":true,"href":"https:\/\/mitliabsoewagmocht.at\/index.php?rest_route=%2Fwp%2Fv2%2Fproduct_cat&post=1592"},{"taxonomy":"product_tag","embeddable":true,"href":"https:\/\/mitliabsoewagmocht.at\/index.php?rest_route=%2Fwp%2Fv2%2Fproduct_tag&post=1592"}],"curies":[{"name":"wp","href":"https:\/\/api.w.org\/{rel}","templated":true}]}}