{"id":1353,"date":"2022-02-16T07:22:39","date_gmt":"2022-02-16T07:22:39","guid":{"rendered":"https:\/\/mitliabsoewagmocht.at\/?post_type=product&#038;p=1353"},"modified":"2026-03-06T06:48:16","modified_gmt":"2026-03-06T06:48:16","slug":"nadelgefilzter-hasen-kopf-auf-einem-fichtenholzsteckerl","status":"publish","type":"product","link":"https:\/\/mitliabsoewagmocht.at\/?product=nadelgefilzter-hasen-kopf-auf-einem-fichtenholzsteckerl","title":{"rendered":"Nadelgefilzter Hasen-\/ Esel-, oder Fuchs-Kopf auf einem Fichtenholzsteckerl"},"content":{"rendered":"<p>Nadelgefilzter Hasen-\/ oder Fuchs-Kopf aus \u00f6sterr. Bioschafwolle, auf einem Fichtenholzsteckerl und \u00a0einem Kragen aus handgewebter Baumwolle. Eine tolle Dekoration oder Blumenstecker.<\/p>\n<p>H\u00f6he: ca. 28 cm, Kopfgr\u00f6\u00dfe: ca. 6-8cm<\/p>\n<p>Preis je St\u00fcck<\/p>\n<p>Bei der Bestellung bitte angeben: Wolllocken hell\/dunkel oder glattes Fell! Fuchs oder Hase!<\/p>\n<p class=\"p1\"><span class=\"s1\">Die Fertigungsdauer richtete sich nach der jeweiligen Auftragslage!<\/span><\/p>\n<p>\u2013 \u2013 \u2013<\/p>\n<p><i>Echte Handarbeit \u2013 daher k\u00f6nnen Farbe, Form und Gr\u00f6\u00dfe leicht variieren. Gr\u00f6\u00dfere St\u00fcckzahlen sind nur auf Bestellung m\u00f6glich. Falls ein Produkt aktuell nicht lagernd ist, geben wir Ihnen bei Nachproduktion rechtzeitig Bescheid bez\u00fcglich des Liefertermins.<\/i><\/p>\n","protected":false},"excerpt":{"rendered":"<p>Nadelgefilzter Hasen-Kopf aus \u00f6sterr. Bioschafwolle, auf einem Fichtenholzsteckerl.<\/p>\n","protected":false},"featured_media":1614,"template":"","meta":[],"product_brand":[],"product_cat":[210,241],"product_tag":[119,120,205,35,38,41,49,50,118],"class_list":{"0":"post-1353","1":"product","2":"type-product","3":"status-publish","4":"has-post-thumbnail","6":"product_cat-ostern","7":"product_cat-filzkunst-tiere-tierfiguren","8":"product_tag-osterhase","9":"product_tag-box","10":"product_tag-fuchs","11":"product_tag-bioschafwolle","12":"product_tag-nadelfilzen","13":"product_tag-ostern","14":"product_tag-hase","15":"product_tag-esel","16":"product_tag-ostereier","18":"first","19":"instock","20":"purchasable","21":"product-type-simple"},"acf":[],"_links":{"self":[{"href":"https:\/\/mitliabsoewagmocht.at\/index.php?rest_route=\/wp\/v2\/product\/1353","targetHints":{"allow":["GET"]}}],"collection":[{"href":"https:\/\/mitliabsoewagmocht.at\/index.php?rest_route=\/wp\/v2\/product"}],"about":[{"href":"https:\/\/mitliabsoewagmocht.at\/index.php?rest_route=\/wp\/v2\/types\/product"}],"wp:featuredmedia":[{"embeddable":true,"href":"https:\/\/mitliabsoewagmocht.at\/index.php?rest_route=\/wp\/v2\/media\/1614"}],"wp:attachment":[{"href":"https:\/\/mitliabsoewagmocht.at\/index.php?rest_route=%2Fwp%2Fv2%2Fmedia&parent=1353"}],"wp:term":[{"taxonomy":"product_brand","embeddable":true,"href":"https:\/\/mitliabsoewagmocht.at\/index.php?rest_route=%2Fwp%2Fv2%2Fproduct_brand&post=1353"},{"taxonomy":"product_cat","embeddable":true,"href":"https:\/\/mitliabsoewagmocht.at\/index.php?rest_route=%2Fwp%2Fv2%2Fproduct_cat&post=1353"},{"taxonomy":"product_tag","embeddable":true,"href":"https:\/\/mitliabsoewagmocht.at\/index.php?rest_route=%2Fwp%2Fv2%2Fproduct_tag&post=1353"}],"curies":[{"name":"wp","href":"https:\/\/api.w.org\/{rel}","templated":true}]}}